{"id":77,"date":"2025-11-05T05:42:57","date_gmt":"2025-11-05T05:42:57","guid":{"rendered":"https:\/\/nasabuljarica.com\/?page_id=77"},"modified":"2026-01-04T17:15:04","modified_gmt":"2026-01-04T17:15:04","slug":"home","status":"publish","type":"page","link":"https:\/\/nasabuljarica.com\/me\/","title":{"rendered":"Home"},"content":{"rendered":"<div data-elementor-type=\"wp-page\" data-elementor-id=\"77\" class=\"elementor elementor-77\" data-elementor-post-type=\"page\">\n\t\t\t\t<div class=\"elementor-element elementor-element-9bc2166 e-flex e-con-boxed e-con e-parent\" data-id=\"9bc2166\" data-element_type=\"container\" data-settings=\"{&quot;background_background&quot;:&quot;classic&quot;}\">\n\t\t\t\t\t<div class=\"e-con-inner\">\n\t\t\t\t<div class=\"elementor-element elementor-element-9f3b4d4 elementor-widget elementor-widget-spacer\" data-id=\"9f3b4d4\" data-element_type=\"widget\" data-widget_type=\"spacer.default\">\n\t\t\t\t\t\t\t<div class=\"elementor-spacer\">\n\t\t\t<div class=\"elementor-spacer-inner\"><\/div>\n\t\t<\/div>\n\t\t\t\t\t\t<\/div>\n\t\t\t\t<div class=\"elementor-element elementor-element-e90eebd elementor-widget elementor-widget-heading\" data-id=\"e90eebd\" data-element_type=\"widget\" data-widget_type=\"heading.default\">\n\t\t\t\t\t<h1 class=\"elementor-heading-title elementor-size-default\">Buljarica je na\u0161 dom. #Na\u0161aBuljarica<\/h1>\t\t\t\t<\/div>\n\t\t\t\t<div class=\"elementor-element elementor-element-384b11b elementor-widget__width-auto elementor-shape-rounded elementor-grid-0 e-grid-align-center elementor-widget elementor-widget-social-icons\" data-id=\"384b11b\" data-element_type=\"widget\" data-widget_type=\"social-icons.default\">\n\t\t\t\t\t\t\t<div class=\"elementor-social-icons-wrapper elementor-grid\" role=\"list\">\n\t\t\t\t\t\t\t<span class=\"elementor-grid-item\" role=\"listitem\">\n\t\t\t\t\t<a class=\"elementor-icon elementor-social-icon elementor-social-icon-instagram elementor-animation-hang elementor-repeater-item-590e172\" href=\"https:\/\/www.instagram.com\/nasabuljarica\/\" target=\"_blank\">\n\t\t\t\t\t\t<span class=\"elementor-screen-only\">Instagram<\/span>\n\t\t\t\t\t\t<svg aria-hidden=\"true\" class=\"e-font-icon-svg e-fab-instagram\" viewbox=\"0 0 448 512\" xmlns=\"http:\/\/www.w3.org\/2000\/svg\"><path d=\"M224.1 141c-63.6 0-114.9 51.3-114.9 114.9s51.3 114.9 114.9 114.9S339 319.5 339 255.9 287.7 141 224.1 141zm0 189.6c-41.1 0-74.7-33.5-74.7-74.7s33.5-74.7 74.7-74.7 74.7 33.5 74.7 74.7-33.6 74.7-74.7 74.7zm146.4-194.3c0 14.9-12 26.8-26.8 26.8-14.9 0-26.8-12-26.8-26.8s12-26.8 26.8-26.8 26.8 12 26.8 26.8zm76.1 27.2c-1.7-35.9-9.9-67.7-36.2-93.9-26.2-26.2-58-34.4-93.9-36.2-37-2.1-147.9-2.1-184.9 0-35.8 1.7-67.6 9.9-93.9 36.1s-34.4 58-36.2 93.9c-2.1 37-2.1 147.9 0 184.9 1.7 35.9 9.9 67.7 36.2 93.9s58 34.4 93.9 36.2c37 2.1 147.9 2.1 184.9 0 35.9-1.7 67.7-9.9 93.9-36.2 26.2-26.2 34.4-58 36.2-93.9 2.1-37 2.1-147.8 0-184.8zM398.8 388c-7.8 19.6-22.9 34.7-42.6 42.6-29.5 11.7-99.5 9-132.1 9s-102.7 2.6-132.1-9c-19.6-7.8-34.7-22.9-42.6-42.6-11.7-29.5-9-99.5-9-132.1s-2.6-102.7 9-132.1c7.8-19.6 22.9-34.7 42.6-42.6 29.5-11.7 99.5-9 132.1-9s102.7-2.6 132.1 9c19.6 7.8 34.7 22.9 42.6 42.6 11.7 29.5 9 99.5 9 132.1s2.7 102.7-9 132.1z\"><\/path><\/svg>\t\t\t\t\t<\/a>\n\t\t\t\t<\/span>\n\t\t\t\t\t\t\t<span class=\"elementor-grid-item\" role=\"listitem\">\n\t\t\t\t\t<a class=\"elementor-icon elementor-social-icon elementor-social-icon-tiktok elementor-animation-hang elementor-repeater-item-404b824\" href=\"https:\/\/www.tiktok.com\/@nasa_buljarica\" target=\"_blank\">\n\t\t\t\t\t\t<span class=\"elementor-screen-only\">Tiktok<\/span>\n\t\t\t\t\t\t<svg aria-hidden=\"true\" class=\"e-font-icon-svg e-fab-tiktok\" viewbox=\"0 0 448 512\" xmlns=\"http:\/\/www.w3.org\/2000\/svg\"><path d=\"M448,209.91a210.06,210.06,0,0,1-122.77-39.25V349.38A162.55,162.55,0,1,1,185,188.31V278.2a74.62,74.62,0,1,0,52.23,71.18V0l88,0a121.18,121.18,0,0,0,1.86,22.17h0A122.18,122.18,0,0,0,381,102.39a121.43,121.43,0,0,0,67,20.14Z\"><\/path><\/svg>\t\t\t\t\t<\/a>\n\t\t\t\t<\/span>\n\t\t\t\t\t<\/div>\n\t\t\t\t\t\t<\/div>\n\t\t\t\t<div class=\"elementor-element elementor-element-83bd37e elementor-widget elementor-widget-spacer\" data-id=\"83bd37e\" data-element_type=\"widget\" data-widget_type=\"spacer.default\">\n\t\t\t\t\t\t\t<div class=\"elementor-spacer\">\n\t\t\t<div class=\"elementor-spacer-inner\"><\/div>\n\t\t<\/div>\n\t\t\t\t\t\t<\/div>\n\t\t\t\t\t<\/div>\n\t\t\t\t<\/div>\n\t\t<div class=\"elementor-element elementor-element-f278596 e-flex e-con-boxed e-con e-parent\" data-id=\"f278596\" data-element_type=\"container\" data-settings=\"{&quot;background_background&quot;:&quot;classic&quot;}\">\n\t\t\t\t\t<div class=\"e-con-inner\">\n\t\t<div class=\"elementor-element elementor-element-be92bdd e-con-full e-flex e-con e-child\" data-id=\"be92bdd\" data-element_type=\"container\">\n\t\t\t\t<\/div>\n\t\t<div class=\"elementor-element elementor-element-3cc0c4e e-con-full e-flex e-con e-child\" data-id=\"3cc0c4e\" data-element_type=\"container\">\n\t\t\t\t<div class=\"elementor-element elementor-element-7e24c5e elementor-widget elementor-widget-spacer\" data-id=\"7e24c5e\" data-element_type=\"widget\" data-widget_type=\"spacer.default\">\n\t\t\t\t\t\t\t<div class=\"elementor-spacer\">\n\t\t\t<div class=\"elementor-spacer-inner\"><\/div>\n\t\t<\/div>\n\t\t\t\t\t\t<\/div>\n\t\t\t\t<div class=\"elementor-element elementor-element-027cec7 elementor-widget elementor-widget-heading\" data-id=\"027cec7\" data-element_type=\"widget\" data-widget_type=\"heading.default\">\n\t\t\t\t\t<h2 class=\"elementor-heading-title elementor-size-default\">\u0160ta je Buljarica?<\/h2>\t\t\t\t<\/div>\n\t\t\t\t<div class=\"elementor-element elementor-element-10d029c elementor-widget elementor-widget-text-editor\" data-id=\"10d029c\" data-element_type=\"widget\" data-widget_type=\"text-editor.default\">\n\t\t\t\t\t\t\t\t\t<p data-start=\"82\" data-end=\"403\"><strong>Buljarica je uvala na crnogorskoj obali gdje se susre\u0107u more, mo\u010dvara, planine i zale\u0111e. U njoj se nalazi malo selo, jedno od posljednjih mo\u010dvarnih podru\u010dja na jadranskoj obali, te krajolik oblikovan mo\u010dvarama i pticama, maslinama, malim porodi\u010dnim mjestima, \u0161umama, porodicama, pri\u010dama i sje\u0107anjima.<\/strong><\/p><p data-start=\"405\" data-end=\"499\" data-is-last-node=\"\" data-is-only-node=\"\">\u00a0<\/p>\t\t\t\t\t\t\t\t<\/div>\n\t\t\t\t<div class=\"elementor-element elementor-element-381dd42 elementor-widget elementor-widget-spacer\" data-id=\"381dd42\" data-element_type=\"widget\" data-widget_type=\"spacer.default\">\n\t\t\t\t\t\t\t<div class=\"elementor-spacer\">\n\t\t\t<div class=\"elementor-spacer-inner\"><\/div>\n\t\t<\/div>\n\t\t\t\t\t\t<\/div>\n\t\t\t\t<\/div>\n\t\t\t\t\t<\/div>\n\t\t\t\t<\/div>\n\t\t<div class=\"elementor-element elementor-element-a382833 e-flex e-con-boxed e-con e-parent\" data-id=\"a382833\" data-element_type=\"container\" data-settings=\"{&quot;background_background&quot;:&quot;classic&quot;}\">\n\t\t\t\t\t<div class=\"e-con-inner\">\n\t\t<div class=\"elementor-element elementor-element-0006c3c e-con-full e-flex e-con e-child\" data-id=\"0006c3c\" data-element_type=\"container\">\n\t\t\t\t<div class=\"elementor-element elementor-element-615f194 elementor-widget elementor-widget-spacer\" data-id=\"615f194\" data-element_type=\"widget\" data-widget_type=\"spacer.default\">\n\t\t\t\t\t\t\t<div class=\"elementor-spacer\">\n\t\t\t<div class=\"elementor-spacer-inner\"><\/div>\n\t\t<\/div>\n\t\t\t\t\t\t<\/div>\n\t\t\t\t<div class=\"elementor-element elementor-element-b833963 elementor-widget elementor-widget-heading\" data-id=\"b833963\" data-element_type=\"widget\" data-widget_type=\"heading.default\">\n\t\t\t\t\t<h2 class=\"elementor-heading-title elementor-size-default\">Prijetnja<\/h2>\t\t\t\t<\/div>\n\t\t\t\t<div class=\"elementor-element elementor-element-f3f60e5 elementor-widget elementor-widget-text-editor\" data-id=\"f3f60e5\" data-element_type=\"widget\" data-widget_type=\"text-editor.default\">\n\t\t\t\t\t\t\t\t\t<p class=\"cvGsUA direction-ltr align-start para-style-body\"><strong><span class=\"a_GcMg font-feature-liga-off font-feature-clig-off font-feature-calt-off text-decoration-none text-strikethrough-none\">Ono \u0161to je ugro\u017eeno nije samo zemlja, ve\u0107 na\u010din na koji se \u017eivot ovdje nastavlja. Na\u0161i domovi, mo\u010dvare i zajedni\u010dka zemlji\u0161ta nalaze se pod pritiskom velikih razvojnih planova koji se sprovode bez stvarne transparentnosti ili saglasnosti lokalne zajednice. Posebni investicioni zakoni i dr\u017eavni dogovori prijete da oslabe za\u0161titu prirode i da odluke udalje od ljudi koji ovdje \u017eive. Bojimo se da ne izgubimo samo zemlju, ve\u0107 i pravo da ostanemo ukorijenjeni tamo gdje su se na\u0161i \u017eivoti odvijali.<\/span><\/strong><\/p><p class=\"cvGsUA direction-ltr align-start para-style-body\">\u00a0<\/p>\t\t\t\t\t\t\t\t<\/div>\n\t\t\t\t<div class=\"elementor-element elementor-element-154fa2b elementor-widget elementor-widget-spacer\" data-id=\"154fa2b\" data-element_type=\"widget\" data-widget_type=\"spacer.default\">\n\t\t\t\t\t\t\t<div class=\"elementor-spacer\">\n\t\t\t<div class=\"elementor-spacer-inner\"><\/div>\n\t\t<\/div>\n\t\t\t\t\t\t<\/div>\n\t\t\t\t<\/div>\n\t\t<div class=\"elementor-element elementor-element-c2c982c e-con-full e-flex e-con e-child\" data-id=\"c2c982c\" data-element_type=\"container\">\n\t\t\t\t<\/div>\n\t\t\t\t\t<\/div>\n\t\t\t\t<\/div>\n\t\t<div class=\"elementor-element elementor-element-4416126 e-flex e-con-boxed e-con e-parent\" data-id=\"4416126\" data-element_type=\"container\" data-settings=\"{&quot;background_background&quot;:&quot;classic&quot;}\">\n\t\t\t\t\t<div class=\"e-con-inner\">\n\t\t<div class=\"elementor-element elementor-element-e070499 e-con-full e-flex e-con e-child\" data-id=\"e070499\" data-element_type=\"container\">\n\t\t\t\t<div class=\"elementor-element elementor-element-be66316 elementor-widget elementor-widget-spacer\" data-id=\"be66316\" data-element_type=\"widget\" data-widget_type=\"spacer.default\">\n\t\t\t\t\t\t\t<div class=\"elementor-spacer\">\n\t\t\t<div class=\"elementor-spacer-inner\"><\/div>\n\t\t<\/div>\n\t\t\t\t\t\t<\/div>\n\t\t\t\t<\/div>\n\t\t<div class=\"elementor-element elementor-element-63c78e9 e-con-full e-flex e-con e-child\" data-id=\"63c78e9\" data-element_type=\"container\">\n\t\t\t\t<div class=\"elementor-element elementor-element-523973e elementor-widget elementor-widget-spacer\" data-id=\"523973e\" data-element_type=\"widget\" data-widget_type=\"spacer.default\">\n\t\t\t\t\t\t\t<div class=\"elementor-spacer\">\n\t\t\t<div class=\"elementor-spacer-inner\"><\/div>\n\t\t<\/div>\n\t\t\t\t\t\t<\/div>\n\t\t\t\t<div class=\"elementor-element elementor-element-9bed205 elementor-widget elementor-widget-heading\" data-id=\"9bed205\" data-element_type=\"widget\" data-widget_type=\"heading.default\">\n\t\t\t\t\t<h2 class=\"elementor-heading-title elementor-size-default\">Na\u0161a misija<\/h2>\t\t\t\t<\/div>\n\t\t\t\t<div class=\"elementor-element elementor-element-925736b elementor-widget elementor-widget-text-editor\" data-id=\"925736b\" data-element_type=\"widget\" data-widget_type=\"text-editor.default\">\n\t\t\t\t\t\t\t\t\t<p><span style=\"font-weight: 400;\">Na\u0161a misija je jednostavna: <\/span><b>brinuti o Buljarici kao o \u017eivom mjestu.<\/b><\/p><p><span style=\"font-weight: 400;\">Stojimo uz mo\u010dvare, polja, masline i ljude koji im pripadaju. Radimo na za\u0161titi prirode, domova i svakodnevnog \u017eivota zajednice, i na tome da se budu\u0107nost Buljarice oblikuje <\/span><i><span style=\"font-weight: 400;\">with<\/span><\/i><span style=\"font-weight: 400;\"> od strane onih koji ovdje \u017eive, a ne bez njih<\/span><\/p><p><span style=\"font-weight: 400;\">Ovo nije pitanje zaustavljanja vremena.<\/span><span style=\"font-weight: 400;\"><br \/><\/span><span style=\"font-weight: 400;\"> Rije\u010d je o izboru brige umjesto brisanja.<\/span><\/p>\t\t\t\t\t\t\t\t<\/div>\n\t\t\t\t<div class=\"elementor-element elementor-element-6bc8b46 elementor-widget elementor-widget-spacer\" data-id=\"6bc8b46\" data-element_type=\"widget\" data-widget_type=\"spacer.default\">\n\t\t\t\t\t\t\t<div class=\"elementor-spacer\">\n\t\t\t<div class=\"elementor-spacer-inner\"><\/div>\n\t\t<\/div>\n\t\t\t\t\t\t<\/div>\n\t\t\t\t<\/div>\n\t\t\t\t\t<\/div>\n\t\t\t\t<\/div>\n\t\t<div class=\"elementor-element elementor-element-fc7f6ee e-flex e-con-boxed e-con e-parent\" data-id=\"fc7f6ee\" data-element_type=\"container\">\n\t\t\t\t\t<div class=\"e-con-inner\">\n\t\t<div class=\"elementor-element elementor-element-4e7a616c e-con-full e-flex e-con e-child\" data-id=\"4e7a616c\" data-element_type=\"container\">\n\t\t<div class=\"elementor-element elementor-element-22b494d4 e-con-full e-flex e-con e-child\" data-id=\"22b494d4\" data-element_type=\"container\">\n\t\t<div class=\"elementor-element elementor-element-46d47ace e-con-full e-flex e-con e-child\" data-id=\"46d47ace\" data-element_type=\"container\">\n\t\t<div class=\"elementor-element elementor-element-4c64f984 e-con-full e-flex e-con e-child\" data-id=\"4c64f984\" data-element_type=\"container\" data-settings=\"{&quot;background_background&quot;:&quot;slideshow&quot;,&quot;background_slideshow_gallery&quot;:[{&quot;id&quot;:123,&quot;url&quot;:&quot;https:\\\/\\\/nasabuljarica.com\\\/wp-content\\\/uploads\\\/2025\\\/11\\\/NasaBuljarica_mjestani_na_plazi_2025-11-01-1.png&quot;},{&quot;id&quot;:118,&quot;url&quot;:&quot;https:\\\/\\\/nasabuljarica.com\\\/wp-content\\\/uploads\\\/2025\\\/11\\\/NasaBuljarica_drone_2025-11-01-2.png&quot;},{&quot;id&quot;:116,&quot;url&quot;:&quot;https:\\\/\\\/nasabuljarica.com\\\/wp-content\\\/uploads\\\/2025\\\/11\\\/nasa-buljarica-stijene-i-more-1.jpg&quot;},{&quot;id&quot;:114,&quot;url&quot;:&quot;https:\\\/\\\/nasabuljarica.com\\\/wp-content\\\/uploads\\\/2025\\\/11\\\/nasa-buljarica-pogled-na-zaliv-1-scaled.jpg&quot;},{&quot;id&quot;:106,&quot;url&quot;:&quot;https:\\\/\\\/nasabuljarica.com\\\/wp-content\\\/uploads\\\/2025\\\/11\\\/asa-buljarica-ljeto-na-plazi-1.jpg&quot;}],&quot;background_slideshow_slide_duration&quot;:&quot;4000&quot;,&quot;background_slideshow_loop&quot;:&quot;yes&quot;,&quot;background_slideshow_slide_transition&quot;:&quot;fade&quot;,&quot;background_slideshow_transition_duration&quot;:500}\">\n\t\t\t\t<\/div>\n\t\t<div class=\"elementor-element elementor-element-57f953d5 e-con-full e-flex e-con e-child\" data-id=\"57f953d5\" data-element_type=\"container\" data-settings=\"{&quot;background_background&quot;:&quot;classic&quot;}\">\n\t\t\t\t<div class=\"elementor-element elementor-element-62650bff elementor-widget elementor-widget-heading\" data-id=\"62650bff\" data-element_type=\"widget\" data-widget_type=\"heading.default\">\n\t\t\t\t\t<h3 class=\"elementor-heading-title elementor-size-default\">Potpi\u0161i peticiju za za\u0161titu Buljarice i na\u0161ih domova.<\/h3>\t\t\t\t<\/div>\n\t\t\t\t<div class=\"elementor-element elementor-element-668921da elementor-widget__width-initial elementor-widget elementor-widget-text-editor\" data-id=\"668921da\" data-element_type=\"widget\" data-widget_type=\"text-editor.default\">\n\t\t\t\t\t\t\t\t\t<p data-start=\"97\" data-end=\"171\">Click on <strong data-start=\"121\" data-end=\"133\">Potpi\u0161i odmah<\/strong> Klikni na Potpi\u0161i odmah ispod da pomogne\u0161 u za\u0161titi Buljarice.<\/p>\t\t\t\t\t\t\t\t<\/div>\n\t\t\t\t<div class=\"elementor-element elementor-element-51f8ae5d elementor-widget elementor-widget-button\" data-id=\"51f8ae5d\" data-element_type=\"widget\" data-widget_type=\"button.default\">\n\t\t\t\t\t\t\t\t\t\t<a class=\"elementor-button elementor-button-link elementor-size-sm elementor-animation-float\" href=\"https:\/\/c.org\/RD4z5SgWYY\">\n\t\t\t\t\t\t<span class=\"elementor-button-content-wrapper\">\n\t\t\t\t\t\t\t\t\t<span class=\"elementor-button-text\">Potpi\u0161i odmah<\/span>\n\t\t\t\t\t<\/span>\n\t\t\t\t\t<\/a>\n\t\t\t\t\t\t\t\t<\/div>\n\t\t\t\t<\/div>\n\t\t\t\t<\/div>\n\t\t\t\t<\/div>\n\t\t\t\t<\/div>\n\t\t\t\t\t<\/div>\n\t\t\t\t<\/div>\n\t\t<div class=\"elementor-element elementor-element-7d60be0 e-con-full e-flex e-con e-parent\" data-id=\"7d60be0\" data-element_type=\"container\">\n\t\t\t\t<div class=\"elementor-element elementor-element-d077b1f elementor-widget elementor-widget-spacer\" data-id=\"d077b1f\" data-element_type=\"widget\" data-widget_type=\"spacer.default\">\n\t\t\t\t\t\t\t<div class=\"elementor-spacer\">\n\t\t\t<div class=\"elementor-spacer-inner\"><\/div>\n\t\t<\/div>\n\t\t\t\t\t\t<\/div>\n\t\t\t\t<\/div>\n\t\t<div class=\"elementor-element elementor-element-c2697ec e-flex e-con-boxed e-con e-parent\" data-id=\"c2697ec\" data-element_type=\"container\">\n\t\t\t\t\t<div class=\"e-con-inner\">\n\t\t\t\t<div class=\"elementor-element elementor-element-46e8b22 elementor-widget elementor-widget-embedpres_elementor\" data-id=\"46e8b22\" data-element_type=\"widget\" data-widget_type=\"embedpres_elementor.default\">\n\t\t\t\t<div class=\"elementor-widget-container\">\n\t\t\t\t\t\n\t\t<div class=\"embedpress-elements-wrapper\" id=\"ep-elements-id-46e8b22\">\n\n\t\t\t\t\t\t\t<div id=\"ep-elementor-content-46e8b22\"\n\t\t\t\t\tclass=\"ep-elementor-content\t\t\t\t\t\t\t\t\t\t  ep-content-protection-disabled\t\t\t\t\tsource-default\">\n\n\t\t\t\t\t<div id=\"46e8b22\"\n\t\t\t\t\t\tclass=\"ep-embed-content-wrapper\t\t\t\t\t\t\t\t\t\t\t\t\t\t\t\t\t\tep-google-photos-\"\n\t\t\t\t\t\t\t\t\t\t\t\t\t\t\t\t\t\t\t\t\t\t\t\t>\n\n\t\t\t\t\t\t<div id=\"ep-elementor-content-46e8b22\"\n\t\t\t\t\t\t\tclass=\"ep-elementor-content\t\t\t\t\t\t\t\t\t\t\t\t\t\t  ep-content-protection-disabled\t\t\t\t\t\t\tsource-default\">\n\n\t\t\t\t\t\t\t<div >\n\t\t\t\t\t\t\t\t<div id=\"46e8b22\"\n\t\t\t\t\t\t\t\t\tclass=\"ep-embed-content-wraper\"\n\t\t\t\t\t\t\t\t\t\t\t\t\t\t\t\t\t\t>\n\n\t\t\t\t\t\t\t\t\t\t\t\t\t\t\t\t\t<\/div>\n\n\t\t\t\t\t\t\t\t\n\t\t\t\t\t\t\t<\/div>\n\t\t\t\t\t\t<\/div>\n\t\t\t\t\t<\/div>\n\t\t\t\t<\/div>\n\n\t\t\t\n\t\t<\/div>\n\n\n\t\t\n\t\t\t\t<\/div>\n\t\t\t\t<\/div>\n\t\t\t\t\t<\/div>\n\t\t\t\t<\/div>\n\t\t\t\t<\/div>","protected":false},"excerpt":{"rendered":"<p>Buljarica is our home.#Na\u0161aBuljarica Instagram Tiktok What is Buljarica? Buljarica is a bay on the Montenegrin coast where sea, marshland, mountains, and hinterland meet. It is home to a small village, one of the last marshlands on the Adriatic coast, and a landscape shaped by wetlands and birds, olive trees, small family-run places, forests, families, [&hellip;]<\/p>","protected":false},"author":1,"featured_media":88,"parent":0,"menu_order":0,"comment_status":"closed","ping_status":"closed","template":"","meta":{"footnotes":""},"class_list":["post-77","page","type-page","status-publish","has-post-thumbnail","hentry"],"_links":{"self":[{"href":"https:\/\/nasabuljarica.com\/me\/wp-json\/wp\/v2\/pages\/77","targetHints":{"allow":["GET"]}}],"collection":[{"href":"https:\/\/nasabuljarica.com\/me\/wp-json\/wp\/v2\/pages"}],"about":[{"href":"https:\/\/nasabuljarica.com\/me\/wp-json\/wp\/v2\/types\/page"}],"author":[{"embeddable":true,"href":"https:\/\/nasabuljarica.com\/me\/wp-json\/wp\/v2\/users\/1"}],"replies":[{"embeddable":true,"href":"https:\/\/nasabuljarica.com\/me\/wp-json\/wp\/v2\/comments?post=77"}],"version-history":[{"count":394,"href":"https:\/\/nasabuljarica.com\/me\/wp-json\/wp\/v2\/pages\/77\/revisions"}],"predecessor-version":[{"id":722,"href":"https:\/\/nasabuljarica.com\/me\/wp-json\/wp\/v2\/pages\/77\/revisions\/722"}],"wp:featuredmedia":[{"embeddable":true,"href":"https:\/\/nasabuljarica.com\/me\/wp-json\/wp\/v2\/media\/88"}],"wp:attachment":[{"href":"https:\/\/nasabuljarica.com\/me\/wp-json\/wp\/v2\/media?parent=77"}],"curies":[{"name":"wp","href":"https:\/\/api.w.org\/{rel}","templated":true}]}}